{"id":3,"date":"2019-11-06T14:57:09","date_gmt":"2019-11-06T14:57:09","guid":{"rendered":"http:\/\/gerloczyroomsdelux.ms.decms.eu\/?page_id=3"},"modified":"2023-09-22T13:30:21","modified_gmt":"2023-09-22T13:30:21","slug":"gerloczy-boutique-hotel","status":"publish","type":"page","link":"https:\/\/www.gerloczy.com\/hu\/","title":{"rendered":"\u00dcdv\u00f6z\u00f6lj\u00fck a Gerl\u00f3czyban!"},"content":{"rendered":"<p><span class=\"jCAhz ChMk0b\"><span class=\"ryNqvb\">Budapest egy lend\u00fcletes kelet-eur\u00f3pai v\u00e1ros, amelyet a Duna oszt kett\u00e9 gy\u00f6ny\u00f6r\u0171 \u00e9p\u00edt\u00e9szettel, nagyszer\u0171 kultur\u00e1lis programokkal \u00e9s gasztron\u00f3miai kalandokkal.<\/span><\/span><\/p>\n<p><span class=\"jCAhz ChMk0b\"><span class=\"ryNqvb\">A Gerl\u00f3czy Boutique Hotel a t\u00f6rt\u00e9nelmi v\u00e1rosk\u00f6zpontban tal\u00e1lhat\u00f3, a f\u0151bb l\u00e1tnival\u00f3k r\u00f6vid s\u00e9t\u00e1val el\u00e9rhet\u0151k.<\/span><\/span><\/p>\n<p><span class=\"jCAhz ChMk0b\"><span class=\"ryNqvb\">A Gerl\u00f3czy Boutique Hotel meg\u0151rzi egy t\u00f6rt\u00e9nelmi \u00e9p\u00fclet (1882) egyedi jellemz\u0151it, mik\u00f6zben a kort\u00e1rs sz\u00e1llod\u00e1k k\u00e9nyelm\u00e9t ny\u00fajtja.<\/span><\/span> <span class=\"jCAhz ChMk0b\"><span class=\"ryNqvb\">A f\u00f6ldszinti Gerl\u00f3czy Caf\u00e9 &amp; Restaurant a helyiek \u00e9s a kiv\u00e1ndorl\u00f3k kedvenc tal\u00e1lkoz\u00e1si pontja.<\/span><\/span><\/p>\n","protected":false},"excerpt":{"rendered":"<p>Budapest egy lend\u00fcletes kelet-eur\u00f3pai v\u00e1ros, amelyet a Duna oszt kett\u00e9 gy\u00f6ny\u00f6r\u0171 \u00e9p\u00edt\u00e9szettel, nagyszer\u0171 kultur\u00e1lis programokkal \u00e9s gasztron\u00f3miai kalandokkal. A Gerl\u00f3czy Boutique Hotel a t\u00f6rt\u00e9nelmi v\u00e1rosk\u00f6zpontban tal\u00e1lhat\u00f3, a f\u0151bb l\u00e1tnival\u00f3k r\u00f6vid s\u00e9t\u00e1val el\u00e9rhet\u0151k. A Gerl\u00f3czy Boutique Hotel meg\u0151rzi egy t\u00f6rt\u00e9nelmi \u00e9p\u00fclet (1882) egyedi jellemz\u0151it, mik\u00f6zben a kort\u00e1rs sz\u00e1llod\u00e1k k\u00e9nyelm\u00e9t ny\u00fajtja. A f\u00f6ldszinti Gerl\u00f3czy Caf\u00e9 &amp; Restaurant [&hellip;]<\/p>\n","protected":false},"author":36,"featured_media":0,"parent":0,"menu_order":0,"comment_status":"closed","ping_status":"closed","template":"","meta":{"footnotes":""},"class_list":["post-3","page","type-page","status-publish","hentry"],"yoast_head":"<!-- This site is optimized with the Yoast SEO plugin v26.9 - https:\/\/yoast.com\/product\/yoast-seo-wordpress\/ -->\n<title>\u00dcdv\u00f6z\u00f6lj\u00fck a Gerl\u00f3czyban! - Gerl\u00f3czy Boutique Hotel -<\/title>\n<meta name=\"description\" content=\"Budapest egy lend\u00fcletes kelet-eur\u00f3pai v\u00e1ros, amelyet a Duna oszt kett\u00e9 gy\u00f6ny\u00f6r\u0171 \u00e9p\u00edt\u00e9szettel, nagyszer\u0171 kultur\u00e1lis programokkal \u00e9s gasztron\u00f3miai kalandokkal.  A Gerl\u00f3czy Boutique Hotel a t\u00f6rt\u00e9nelmi v\u00e1rosk\u00f6zpontban tal\u00e1lhat\u00f3, a f\u0151bb l\u00e1tnival\u00f3k r\u00f6vid s\u00e9t\u00e1val el\u00e9rhet\u0151k.  A Gerl\u00f3czy Boutique Hotel meg\u0151rzi egy t\u00f6rt\u00e9nelmi \u00e9p\u00fclet (1882) egyedi jellemz\u0151it, mik\u00f6zben a kort\u00e1rs sz\u00e1llod\u00e1k k\u00e9nyelm\u00e9t ny\u00fajtja. A f\u00f6ldszinti Gerl\u00f3czy Caf\u00e9 &amp; Restaurant a helyiek \u00e9s a kiv\u00e1ndorl\u00f3k kedvenc tal\u00e1lkoz\u00e1si pontja..\" \/>\n<meta name=\"robots\" content=\"index, follow, max-snippet:-1, max-image-preview:large, max-video-preview:-1\" \/>\n<link rel=\"canonical\" href=\"https:\/\/www.gerloczy.com\/hu\/\" \/>\n<meta property=\"og:locale\" content=\"hu_HU\" \/>\n<meta property=\"og:type\" content=\"article\" \/>\n<meta property=\"og:title\" content=\"\u00dcdv\u00f6z\u00f6lj\u00fck a Gerl\u00f3czyban! - Gerl\u00f3czy Boutique Hotel -\" \/>\n<meta property=\"og:description\" content=\"Budapest egy lend\u00fcletes kelet-eur\u00f3pai v\u00e1ros, amelyet a Duna oszt kett\u00e9 gy\u00f6ny\u00f6r\u0171 \u00e9p\u00edt\u00e9szettel, nagyszer\u0171 kultur\u00e1lis programokkal \u00e9s gasztron\u00f3miai kalandokkal.  A Gerl\u00f3czy Boutique Hotel a t\u00f6rt\u00e9nelmi v\u00e1rosk\u00f6zpontban tal\u00e1lhat\u00f3, a f\u0151bb l\u00e1tnival\u00f3k r\u00f6vid s\u00e9t\u00e1val el\u00e9rhet\u0151k.  A Gerl\u00f3czy Boutique Hotel meg\u0151rzi egy t\u00f6rt\u00e9nelmi \u00e9p\u00fclet (1882) egyedi jellemz\u0151it, mik\u00f6zben a kort\u00e1rs sz\u00e1llod\u00e1k k\u00e9nyelm\u00e9t ny\u00fajtja. A f\u00f6ldszinti Gerl\u00f3czy Caf\u00e9 &amp; Restaurant a helyiek \u00e9s a kiv\u00e1ndorl\u00f3k kedvenc tal\u00e1lkoz\u00e1si pontja..\" \/>\n<meta property=\"og:url\" content=\"https:\/\/www.gerloczy.com\/hu\/\" \/>\n<meta property=\"og:site_name\" content=\"Gerl\u00f3czy Boutique Hotel\" \/>\n<meta property=\"article:modified_time\" content=\"2023-09-22T13:30:21+00:00\" \/>\n<meta name=\"twitter:card\" content=\"summary_large_image\" \/>\n<meta name=\"twitter:label1\" content=\"Becs\u00fclt olvas\u00e1si id\u0151\" \/>\n\t<meta name=\"twitter:data1\" content=\"1 perc\" \/>\n<script type=\"application\/ld+json\" class=\"yoast-schema-graph\">{\"@context\":\"https:\/\/schema.org\",\"@graph\":[{\"@type\":\"WebPage\",\"@id\":\"https:\/\/www.gerloczy.com\/hu\/\",\"url\":\"https:\/\/www.gerloczy.com\/hu\/\",\"name\":\"\u00dcdv\u00f6z\u00f6lj\u00fck a Gerl\u00f3czyban! - Gerl\u00f3czy Boutique Hotel -\",\"isPartOf\":{\"@id\":\"https:\/\/www.gerloczy.com\/hu\/#website\"},\"datePublished\":\"2019-11-06T14:57:09+00:00\",\"dateModified\":\"2023-09-22T13:30:21+00:00\",\"description\":\"Budapest egy lend\u00fcletes kelet-eur\u00f3pai v\u00e1ros, amelyet a Duna oszt kett\u00e9 gy\u00f6ny\u00f6r\u0171 \u00e9p\u00edt\u00e9szettel, nagyszer\u0171 kultur\u00e1lis programokkal \u00e9s gasztron\u00f3miai kalandokkal. A Gerl\u00f3czy Boutique Hotel a t\u00f6rt\u00e9nelmi v\u00e1rosk\u00f6zpontban tal\u00e1lhat\u00f3, a f\u0151bb l\u00e1tnival\u00f3k r\u00f6vid s\u00e9t\u00e1val el\u00e9rhet\u0151k. A Gerl\u00f3czy Boutique Hotel meg\u0151rzi egy t\u00f6rt\u00e9nelmi \u00e9p\u00fclet (1882) egyedi jellemz\u0151it, mik\u00f6zben a kort\u00e1rs sz\u00e1llod\u00e1k k\u00e9nyelm\u00e9t ny\u00fajtja. A f\u00f6ldszinti Gerl\u00f3czy Caf\u00e9 &amp; Restaurant a helyiek \u00e9s a kiv\u00e1ndorl\u00f3k kedvenc tal\u00e1lkoz\u00e1si pontja..\",\"breadcrumb\":{\"@id\":\"https:\/\/www.gerloczy.com\/hu\/#breadcrumb\"},\"inLanguage\":\"hu\",\"potentialAction\":[{\"@type\":\"ReadAction\",\"target\":[\"https:\/\/www.gerloczy.com\/hu\/\"]}]},{\"@type\":\"BreadcrumbList\",\"@id\":\"https:\/\/www.gerloczy.com\/hu\/#breadcrumb\",\"itemListElement\":[{\"@type\":\"ListItem\",\"position\":1,\"name\":\"Home\",\"item\":\"https:\/\/www.gerloczy.com\/hu\/\"},{\"@type\":\"ListItem\",\"position\":2,\"name\":\"\u00dcdv\u00f6z\u00f6lj\u00fck a Gerl\u00f3czyban!\"}]},{\"@type\":\"WebSite\",\"@id\":\"https:\/\/www.gerloczy.com\/hu\/#website\",\"url\":\"https:\/\/www.gerloczy.com\/hu\/\",\"name\":\"Gerl\u00f3czy Boutique Hotel\",\"description\":\"Just another ms.decms.eu site\",\"potentialAction\":[{\"@type\":\"SearchAction\",\"target\":{\"@type\":\"EntryPoint\",\"urlTemplate\":\"https:\/\/www.gerloczy.com\/hu\/?s={search_term_string}\"},\"query-input\":{\"@type\":\"PropertyValueSpecification\",\"valueRequired\":true,\"valueName\":\"search_term_string\"}}],\"inLanguage\":\"hu\"}]}<\/script>\n<!-- \/ Yoast SEO plugin. -->","yoast_head_json":{"title":"\u00dcdv\u00f6z\u00f6lj\u00fck a Gerl\u00f3czyban! - Gerl\u00f3czy Boutique Hotel -","description":"Budapest egy lend\u00fcletes kelet-eur\u00f3pai v\u00e1ros, amelyet a Duna oszt kett\u00e9 gy\u00f6ny\u00f6r\u0171 \u00e9p\u00edt\u00e9szettel, nagyszer\u0171 kultur\u00e1lis programokkal \u00e9s gasztron\u00f3miai kalandokkal.  A Gerl\u00f3czy Boutique Hotel a t\u00f6rt\u00e9nelmi v\u00e1rosk\u00f6zpontban tal\u00e1lhat\u00f3, a f\u0151bb l\u00e1tnival\u00f3k r\u00f6vid s\u00e9t\u00e1val el\u00e9rhet\u0151k.  A Gerl\u00f3czy Boutique Hotel meg\u0151rzi egy t\u00f6rt\u00e9nelmi \u00e9p\u00fclet (1882) egyedi jellemz\u0151it, mik\u00f6zben a kort\u00e1rs sz\u00e1llod\u00e1k k\u00e9nyelm\u00e9t ny\u00fajtja. A f\u00f6ldszinti Gerl\u00f3czy Caf\u00e9 &amp; Restaurant a helyiek \u00e9s a kiv\u00e1ndorl\u00f3k kedvenc tal\u00e1lkoz\u00e1si pontja..","robots":{"index":"index","follow":"follow","max-snippet":"max-snippet:-1","max-image-preview":"max-image-preview:large","max-video-preview":"max-video-preview:-1"},"canonical":"https:\/\/www.gerloczy.com\/hu\/","og_locale":"hu_HU","og_type":"article","og_title":"\u00dcdv\u00f6z\u00f6lj\u00fck a Gerl\u00f3czyban! - Gerl\u00f3czy Boutique Hotel -","og_description":"Budapest egy lend\u00fcletes kelet-eur\u00f3pai v\u00e1ros, amelyet a Duna oszt kett\u00e9 gy\u00f6ny\u00f6r\u0171 \u00e9p\u00edt\u00e9szettel, nagyszer\u0171 kultur\u00e1lis programokkal \u00e9s gasztron\u00f3miai kalandokkal.  A Gerl\u00f3czy Boutique Hotel a t\u00f6rt\u00e9nelmi v\u00e1rosk\u00f6zpontban tal\u00e1lhat\u00f3, a f\u0151bb l\u00e1tnival\u00f3k r\u00f6vid s\u00e9t\u00e1val el\u00e9rhet\u0151k.  A Gerl\u00f3czy Boutique Hotel meg\u0151rzi egy t\u00f6rt\u00e9nelmi \u00e9p\u00fclet (1882) egyedi jellemz\u0151it, mik\u00f6zben a kort\u00e1rs sz\u00e1llod\u00e1k k\u00e9nyelm\u00e9t ny\u00fajtja. A f\u00f6ldszinti Gerl\u00f3czy Caf\u00e9 &amp; Restaurant a helyiek \u00e9s a kiv\u00e1ndorl\u00f3k kedvenc tal\u00e1lkoz\u00e1si pontja..","og_url":"https:\/\/www.gerloczy.com\/hu\/","og_site_name":"Gerl\u00f3czy Boutique Hotel","article_modified_time":"2023-09-22T13:30:21+00:00","twitter_card":"summary_large_image","twitter_misc":{"Becs\u00fclt olvas\u00e1si id\u0151":"1 perc"},"schema":{"@context":"https:\/\/schema.org","@graph":[{"@type":"WebPage","@id":"https:\/\/www.gerloczy.com\/hu\/","url":"https:\/\/www.gerloczy.com\/hu\/","name":"\u00dcdv\u00f6z\u00f6lj\u00fck a Gerl\u00f3czyban! - Gerl\u00f3czy Boutique Hotel -","isPartOf":{"@id":"https:\/\/www.gerloczy.com\/hu\/#website"},"datePublished":"2019-11-06T14:57:09+00:00","dateModified":"2023-09-22T13:30:21+00:00","description":"Budapest egy lend\u00fcletes kelet-eur\u00f3pai v\u00e1ros, amelyet a Duna oszt kett\u00e9 gy\u00f6ny\u00f6r\u0171 \u00e9p\u00edt\u00e9szettel, nagyszer\u0171 kultur\u00e1lis programokkal \u00e9s gasztron\u00f3miai kalandokkal. A Gerl\u00f3czy Boutique Hotel a t\u00f6rt\u00e9nelmi v\u00e1rosk\u00f6zpontban tal\u00e1lhat\u00f3, a f\u0151bb l\u00e1tnival\u00f3k r\u00f6vid s\u00e9t\u00e1val el\u00e9rhet\u0151k. A Gerl\u00f3czy Boutique Hotel meg\u0151rzi egy t\u00f6rt\u00e9nelmi \u00e9p\u00fclet (1882) egyedi jellemz\u0151it, mik\u00f6zben a kort\u00e1rs sz\u00e1llod\u00e1k k\u00e9nyelm\u00e9t ny\u00fajtja. A f\u00f6ldszinti Gerl\u00f3czy Caf\u00e9 &amp; Restaurant a helyiek \u00e9s a kiv\u00e1ndorl\u00f3k kedvenc tal\u00e1lkoz\u00e1si pontja..","breadcrumb":{"@id":"https:\/\/www.gerloczy.com\/hu\/#breadcrumb"},"inLanguage":"hu","potentialAction":[{"@type":"ReadAction","target":["https:\/\/www.gerloczy.com\/hu\/"]}]},{"@type":"BreadcrumbList","@id":"https:\/\/www.gerloczy.com\/hu\/#breadcrumb","itemListElement":[{"@type":"ListItem","position":1,"name":"Home","item":"https:\/\/www.gerloczy.com\/hu\/"},{"@type":"ListItem","position":2,"name":"\u00dcdv\u00f6z\u00f6lj\u00fck a Gerl\u00f3czyban!"}]},{"@type":"WebSite","@id":"https:\/\/www.gerloczy.com\/hu\/#website","url":"https:\/\/www.gerloczy.com\/hu\/","name":"Gerl\u00f3czy Boutique Hotel","description":"Just another ms.decms.eu site","potentialAction":[{"@type":"SearchAction","target":{"@type":"EntryPoint","urlTemplate":"https:\/\/www.gerloczy.com\/hu\/?s={search_term_string}"},"query-input":{"@type":"PropertyValueSpecification","valueRequired":true,"valueName":"search_term_string"}}],"inLanguage":"hu"}]}},"acf":[],"_links":{"self":[{"href":"https:\/\/www.gerloczy.com\/hu\/wp-json\/wp\/v2\/pages\/3","targetHints":{"allow":["GET"]}}],"collection":[{"href":"https:\/\/www.gerloczy.com\/hu\/wp-json\/wp\/v2\/pages"}],"about":[{"href":"https:\/\/www.gerloczy.com\/hu\/wp-json\/wp\/v2\/types\/page"}],"author":[{"embeddable":true,"href":"https:\/\/www.gerloczy.com\/hu\/wp-json\/wp\/v2\/users\/36"}],"replies":[{"embeddable":true,"href":"https:\/\/www.gerloczy.com\/hu\/wp-json\/wp\/v2\/comments?post=3"}],"version-history":[{"count":0,"href":"https:\/\/www.gerloczy.com\/hu\/wp-json\/wp\/v2\/pages\/3\/revisions"}],"wp:attachment":[{"href":"https:\/\/www.gerloczy.com\/hu\/wp-json\/wp\/v2\/media?parent=3"}],"curies":[{"name":"wp","href":"https:\/\/api.w.org\/{rel}","templated":true}]}}