{"id":305,"date":"2023-09-22T14:12:24","date_gmt":"2023-09-22T14:12:24","guid":{"rendered":"https:\/\/www.gerloczy.com\/?page_id=305"},"modified":"2023-09-22T14:12:24","modified_gmt":"2023-09-22T14:12:24","slug":"adatvedelmi-iranyelvek","status":"publish","type":"page","link":"https:\/\/www.gerloczy.com\/hu\/adatvedelmi-iranyelvek\/","title":{"rendered":"Adatv\u00e9delmi ir\u00e1nyelvek"},"content":{"rendered":"<p>ADATV\u00c9DELMI NYILATKOZAT<\/p>\n<p>A Gerl\u00f3czy Boutique Hotel (tov\u00e1bbiakban: Szolg\u00e1ltat\u00f3) sz\u00e1lloda\u00fczemeltet\u00e9si feladatokat l\u00e1t el, ebb\u0151l ad\u00f3d\u00f3an a szolg\u00e1ltat\u00e1sok teljes\u00edt\u00e9s\u00e9hez adatokat kezel. A Szolg\u00e1ltat\u00f3 a www.outlethotel.hu weboldalon (a tov\u00e1bbiakban: Weboldal) az \u00e9rdekl\u0151d\u0151k, az aj\u00e1nlatk\u00e9r\u0151k, valamint a sz\u00e1ll\u00e1st foglal\u00f3k (a tov\u00e1bbiakban: \u00c9rintett) szem\u00e9lyes adatait kezeli. ).<br \/>\nGerl\u00f2czy K\u00e1v\u00e9h\u00e1z Kft. (a tov\u00e1bbiakban: Szolg\u00e1ltat\u00f3) sz\u00e1lloda\u00fczemeltet\u00e9si feladatokat l\u00e1t el, ennek eredm\u00e9nyek\u00e9nt a szolg\u00e1ltat\u00e1sok teljes\u00edt\u00e9s\u00e9hez adatokat kezel. A Szolg\u00e1ltat\u00f3 a www.gerloczy.com weboldalon (a tov\u00e1bbiakban: Honlap) kezeli az \u00e9rdekl\u0151d\u0151k, az aj\u00e1nlatk\u00e9r\u0151k, valamint a sz\u00e1ll\u00e1st foglal\u00f3k (a tov\u00e1bbiakban: \u00c9rintett) szem\u00e9lyes adatait. ).<br \/>\n1. Az adatkezel\u0151 el\u00e9rhet\u0151s\u00e9gei<br \/>\n\u2022 N\u00e9v: BHG Projekt Zrt.<br \/>\n\u2022 Sz\u00e9khely \u00e9s levelez\u00e9si c\u00edm: 1052 Budapest, Gerl\u00f3czy u. 1.<br \/>\n\u2022 El\u00e9rhet\u0151s\u00e9gi telefonsz\u00e1m: +36 1501 4a000<br \/>\n\u2022 E-mail c\u00edm: info@gerloczy.com<\/p>\n<p>2. A kezelt szem\u00e9lyes adatok k\u00f6re<br \/>\nK\u00fcl\u00f6nf\u00e9le szem\u00e9lyes adatokat k\u00e9r\u00fcnk a felhaszn\u00e1l\u00f3kt\u00f3l, hogy k\u00fcl\u00f6nb\u00f6z\u0151 szolg\u00e1ltat\u00e1sokhoz f\u00e9rhessenek hozz\u00e1, az adatment\u00e9s elv\u00e9nek figyelembev\u00e9tel\u00e9vel. Jelen Adatkezel\u00e9si T\u00e1j\u00e9koztat\u00f3 csak a weboldalt megl\u00e1togat\u00f3 term\u00e9szetes szem\u00e9lyek adataira terjed ki, mivel a szem\u00e9lyes adatok csak term\u00e9szetes szem\u00e9lyek sz\u00e1m\u00e1ra \u00e9rtelmezhet\u0151k.<br \/>\nAz adatkezel\u0151 \u00e1ltal a szem\u00e9lyes azonos\u00edt\u00e1s lehet\u0151s\u00e9g\u00e9nek kiz\u00e1r\u00e1s\u00e1val gy\u0171jt\u00f6tt n\u00e9vtelen inform\u00e1ci\u00f3 nem min\u0151s\u00fcl szem\u00e9lyes adatnak \u00e9s nem k\u00f6thet\u0151 term\u00e9szetes szem\u00e9lyhez, a demogr\u00e1fiai adat pedig nem min\u0151s\u00fcl szem\u00e9lyes adatnak, amelyet gy\u0171jtenek, de nem kapcsol\u00f3dnak a szem\u00e9lyes adatokhoz. azonos\u00edthat\u00f3 szem\u00e9lyekr\u0151l, ez\u00e9rt semmilyen term\u00e9szetes szem\u00e9llyel nem \u00e1llap\u00edthat\u00f3 meg kapcsolat.<br \/>\nAz al\u00e1bbiakban felsorolva a kezelt adatok k\u00f6re a k\u00f6vetkez\u0151:<br \/>\n2.1 Az aj\u00e1nlatk\u00e9r\u0151k:<br \/>\n\u2022 N\u00e9v<br \/>\n\u2022 Email c\u00edm<br \/>\n\u2022 Telefonsz\u00e1m<br \/>\n2.2 Az \u00e9rdekl\u0151d\u0151k:<br \/>\n\u2022 N\u00e9v<br \/>\n\u2022 Email c\u00edm<br \/>\n\u2022 Telefonsz\u00e1m<br \/>\n2.3 Sz\u00e1llodafoglal\u00e1st foglal\u00f3 szem\u00e9lyek:<br \/>\n\u2022 N\u00e9v (vezet\u00e9kn\u00e9v \u00e9s keresztn\u00e9v),<br \/>\n\u2022 Szem\u00e9lyi igazolv\u00e1ny sz\u00e1ma,<br \/>\n\u2022 Telefonsz\u00e1m<br \/>\n\u2022 Email c\u00edm<br \/>\n\u2022 \u00c1llampolg\u00e1rs\u00e1g,<br \/>\n\u2022 Sz\u00fclet\u00e9si d\u00e1tum<br \/>\n\u2022 Sz\u00fclet\u00e9si hely<br \/>\n\u2022 Anyja neve<br \/>\n\u2022 Lakc\u00edm<br \/>\n\u2022 Banksz\u00e1mlasz\u00e1m \u2013 \u00e1tutal\u00e1shoz<br \/>\n\u2022 Di\u00e1kigazolv\u00e1ny sz\u00e1ma \u2013 di\u00e1kkedvezm\u00e9nyhez<\/p>\n<p>2.4 Gyermekek<br \/>\nTerm\u00e9keinket \u00e9s szolg\u00e1ltat\u00e1sainkat nem 16 \u00e9ven aluli szem\u00e9lyeknek sz\u00e1njuk, \u00e9s k\u00e9rj\u00fck a 16 \u00e9ven aluliakat, hogy semmilyen szem\u00e9lyes adatot ne adjanak meg az Adatkezel\u0151 sz\u00e1m\u00e1ra. Ha tudom\u00e1sunk van arr\u00f3l, hogy 16 \u00e9ven aluli gyermekt\u0151l gy\u0171jt\u00f6tt\u00fcnk szem\u00e9lyes adatokat, megtessz\u00fck a sz\u00fcks\u00e9ges l\u00e9p\u00e9seket az adatok miel\u0151bbi t\u00f6rl\u00e9se \u00e9rdek\u00e9ben.<\/p>\n<p>3. Cookie (anonim felhaszn\u00e1l\u00f3i azonos\u00edt\u00f3) kezel\u00e9si inform\u00e1ci\u00f3<br \/>\nAz Adatkezel\u0151 anonim felhaszn\u00e1l\u00f3i azonos\u00edt\u00f3t (cookie-t) helyez el az \u00c9rintett sz\u00e1m\u00edt\u00f3g\u00e9p\u00e9n, amely \u00f6nmag\u00e1ban semmilyen m\u00f3don nem k\u00e9pes az \u00c9rintett azonos\u00edt\u00e1s\u00e1ra. Csak az \u00c9rintett sz\u00e1m\u00edt\u00f3g\u00e9p\u00e9nek felismer\u00e9s\u00e9re alkalmasak, IP c\u00edmet azonban nem t\u00e1rolnak, \u00e9s az IP c\u00edmet szem\u00e9lyes adatk\u00e9nt nem tov\u00e1bb\u00edtj\u00e1k a Szolg\u00e1ltat\u00f3 fel\u00e9. A haszn\u00e1lt s\u00fctik egyszer\u0171, r\u00f6vid \u00e9s kis m\u00e9ret\u0171 sz\u00f6veges f\u00e1jlok. Szem\u00e9lyes adat, inform\u00e1ci\u00f3 megad\u00e1sa nem k\u00f6telez\u0151, mivel a Felhaszn\u00e1l\u00f3 a megold\u00e1s ig\u00e9nybev\u00e9telekor szem\u00e9lyes adatot nem ad ki a Szolg\u00e1ltat\u00f3 r\u00e9sz\u00e9re, \u00e9s csak a sz\u00e1m\u00edt\u00f3g\u00e9pek k\u00f6z\u00f6tt van adatcsere.<br \/>\nA weboldal m\u0171k\u00f6d\u00e9s\u00e9hez sz\u00fcks\u00e9ges saj\u00e1t cookie-k<br \/>\nA weboldal m\u0171k\u00f6dtet\u00e9s\u00e9hez elengedhetetlen n\u00e9h\u00e1ny s\u00fcti elhelyez\u00e9se az \u00c9rintett sz\u00e1m\u00edt\u00f3g\u00e9p\u00e9n a weboldal gyorsabb bet\u00f6lt\u0151d\u00e9se \u00e9rdek\u00e9ben, illetve a saj\u00e1t webb\u00f6ng\u00e9sz\u0151 tud bizonyos inform\u00e1ci\u00f3kat t\u00e1rolni a weboldalr\u00f3l, \u00e9s seg\u00edti az \u00c9rintettnek a weboldal moduljainak megfelel\u0151 m\u0171k\u00f6d\u00e9s\u00e9t. .<br \/>\ncb enged\u00e9lyezve (1. nap)<br \/>\nFunkci\u00f3: Megakad\u00e1lyozza a tov\u00e1bbi bet\u00f6lt\u00e9st a Cookie bar elfogad\u00e1sa ut\u00e1n. Ha az \u00c9rintett az \u201eELFOGAD\u00c1S\u201d opci\u00f3t v\u00e1lasztja, v\u00e1laszt\u00e1sa ment\u00e9sre ker\u00fcl, \u00e9s 30 napig nem k\u00e9r tov\u00e1bbi elfogad\u00e1st.<br \/>\nKRID (1-7. nap)<br \/>\nFunkci\u00f3: A regisztr\u00e1ci\u00f3 \u00e9s a kos\u00e1r funkci\u00f3 szempontj\u00e1b\u00f3l fontos. Sz\u00fcks\u00e9ges, hogy a term\u00e9kek a kos\u00e1rban maradjanak, amikor a felhaszn\u00e1l\u00f3 a kos\u00e1rb\u00f3l kil\u00e9p \u00e9s folytatja a weboldal b\u00f6ng\u00e9sz\u00e9s\u00e9t, vagy regisztr\u00e1lt fel\u00fcletre l\u00e9pve a rendszer nem \u00edrja ki \u0151t a weboldal b\u00f6ng\u00e9sz\u00e9se k\u00f6zben.<br \/>\nAnalitikai s\u00fctik<br \/>\nA weboldalunk l\u00e1togatotts\u00e1g\u00e1hoz \u00e9s egy\u00e9b webelemz\u0151 adatokhoz val\u00f3 hozz\u00e1f\u00e9r\u00e9s \u00e9rdek\u00e9ben a szolg\u00e1ltat\u00f3 f\u00fcggetlen elemz\u0151 szerverek szolg\u00e1ltat\u00e1sait veszi ig\u00e9nybe, nevezetesen a Google Analytics szoftvert. Ezek a szolg\u00e1ltat\u00f3k r\u00e9szletes t\u00e1j\u00e9koztat\u00e1st tudnak adni az \u00c9rintettnek a m\u00e9r\u00e9si adatok kezel\u00e9s\u00e9r\u0151l.<br \/>\nA Google Analytics eset\u00e9ben a Szolg\u00e1ltat\u00f3 a weboldal k\u00f3dj\u00e1ban azokat a be\u00e1ll\u00edt\u00e1sokat v\u00e9gezte el, amelyeket a Google Analytics az \u00c9rintett IP-c\u00edm\u00e9nek anonimiz\u00e1l\u00e1s\u00e1ra haszn\u00e1l, \u00edgy az a tov\u00e1bbiakban nem azonos\u00edthat\u00f3, \u00e9s nem ker\u00fcl \u00e1tad\u00e1sra a Szolg\u00e1ltat\u00f3nak. A technol\u00f3gi\u00e1val kapcsolatos tov\u00e1bbi inform\u00e1ci\u00f3k\u00e9rt l\u00e1sd:<br \/>\nhttps:\/\/support.google.com\/analytics\/answer\/2763052?hl=hu<br \/>\nA c\u00e9l a l\u00e1togat\u00f3k sz\u00e1m\u00e1nak \u00e9s az ou funkcion\u00e1lis felhaszn\u00e1l\u00e1s\u00e1nak elemz\u00e9se<\/p>\n","protected":false},"excerpt":{"rendered":"<p>ADATV\u00c9DELMI NYILATKOZAT A Gerl\u00f3czy Boutique Hotel (tov\u00e1bbiakban: Szolg\u00e1ltat\u00f3) sz\u00e1lloda\u00fczemeltet\u00e9si feladatokat l\u00e1t el, ebb\u0151l ad\u00f3d\u00f3an a szolg\u00e1ltat\u00e1sok teljes\u00edt\u00e9s\u00e9hez adatokat kezel. A Szolg\u00e1ltat\u00f3 a www.outlethotel.hu weboldalon (a tov\u00e1bbiakban: Weboldal) az \u00e9rdekl\u0151d\u0151k, az aj\u00e1nlatk\u00e9r\u0151k, valamint a sz\u00e1ll\u00e1st foglal\u00f3k (a tov\u00e1bbiakban: \u00c9rintett) szem\u00e9lyes adatait kezeli. ). Gerl\u00f2czy K\u00e1v\u00e9h\u00e1z Kft. (a tov\u00e1bbiakban: Szolg\u00e1ltat\u00f3) sz\u00e1lloda\u00fczemeltet\u00e9si feladatokat l\u00e1t el, ennek eredm\u00e9nyek\u00e9nt a [&hellip;]<\/p>\n","protected":false},"author":132,"featured_media":0,"parent":0,"menu_order":100,"comment_status":"closed","ping_status":"closed","template":"","meta":{"footnotes":""},"class_list":["post-305","page","type-page","status-publish","hentry"],"yoast_head":"<!-- This site is optimized with the Yoast SEO plugin v26.9 - https:\/\/yoast.com\/product\/yoast-seo-wordpress\/ -->\n<title>Adatv\u00e9delmi ir\u00e1nyelvek - Gerl\u00f3czy Boutique Hotel -<\/title>\n<meta name=\"description\" content=\"ADATV\u00c9DELMI NYILATKOZAT  A Gerl\u00f3czy Boutique Hotel (tov\u00e1bbiakban: Szolg\u00e1ltat\u00f3) sz\u00e1lloda\u00fczemeltet\u00e9si feladatokat l\u00e1t el, ebb\u0151l ad\u00f3d\u00f3an a szolg\u00e1ltat\u00e1sok teljes\u00edt\u00e9s\u00e9hez adatokat kezel. A Szolg\u00e1ltat\u00f3 a www.outlethotel.hu weboldalon (a tov\u00e1bbiakban: Weboldal) az \u00e9rdekl\u0151d\u0151k, az aj\u00e1nlatk\u00e9r\u0151k, valamint a sz\u00e1ll\u00e1st foglal\u00f3k (a tov\u00e1bbiakban: \u00c9rintett) szem\u00e9lyes adatait kezeli\" \/>\n<meta name=\"robots\" content=\"index, follow, max-snippet:-1, max-image-preview:large, max-video-preview:-1\" \/>\n<link rel=\"canonical\" href=\"https:\/\/www.gerloczy.com\/hu\/adatvedelmi-iranyelvek\/\" \/>\n<meta property=\"og:locale\" content=\"hu_HU\" \/>\n<meta property=\"og:type\" content=\"article\" \/>\n<meta property=\"og:title\" content=\"Adatv\u00e9delmi ir\u00e1nyelvek - Gerl\u00f3czy Boutique Hotel -\" \/>\n<meta property=\"og:description\" content=\"ADATV\u00c9DELMI NYILATKOZAT  A Gerl\u00f3czy Boutique Hotel (tov\u00e1bbiakban: Szolg\u00e1ltat\u00f3) sz\u00e1lloda\u00fczemeltet\u00e9si feladatokat l\u00e1t el, ebb\u0151l ad\u00f3d\u00f3an a szolg\u00e1ltat\u00e1sok teljes\u00edt\u00e9s\u00e9hez adatokat kezel. A Szolg\u00e1ltat\u00f3 a www.outlethotel.hu weboldalon (a tov\u00e1bbiakban: Weboldal) az \u00e9rdekl\u0151d\u0151k, az aj\u00e1nlatk\u00e9r\u0151k, valamint a sz\u00e1ll\u00e1st foglal\u00f3k (a tov\u00e1bbiakban: \u00c9rintett) szem\u00e9lyes adatait kezeli\" \/>\n<meta property=\"og:url\" content=\"https:\/\/www.gerloczy.com\/hu\/adatvedelmi-iranyelvek\/\" \/>\n<meta property=\"og:site_name\" content=\"Gerl\u00f3czy Boutique Hotel\" \/>\n<meta name=\"twitter:card\" content=\"summary_large_image\" \/>\n<meta name=\"twitter:label1\" content=\"Becs\u00fclt olvas\u00e1si id\u0151\" \/>\n\t<meta name=\"twitter:data1\" content=\"5 perc\" \/>\n<script type=\"application\/ld+json\" class=\"yoast-schema-graph\">{\"@context\":\"https:\/\/schema.org\",\"@graph\":[{\"@type\":\"WebPage\",\"@id\":\"https:\/\/www.gerloczy.com\/hu\/adatvedelmi-iranyelvek\/\",\"url\":\"https:\/\/www.gerloczy.com\/hu\/adatvedelmi-iranyelvek\/\",\"name\":\"Adatv\u00e9delmi ir\u00e1nyelvek - Gerl\u00f3czy Boutique Hotel -\",\"isPartOf\":{\"@id\":\"https:\/\/www.gerloczy.com\/hu\/#website\"},\"datePublished\":\"2023-09-22T14:12:24+00:00\",\"description\":\"ADATV\u00c9DELMI NYILATKOZAT A Gerl\u00f3czy Boutique Hotel (tov\u00e1bbiakban: Szolg\u00e1ltat\u00f3) sz\u00e1lloda\u00fczemeltet\u00e9si feladatokat l\u00e1t el, ebb\u0151l ad\u00f3d\u00f3an a szolg\u00e1ltat\u00e1sok teljes\u00edt\u00e9s\u00e9hez adatokat kezel. A Szolg\u00e1ltat\u00f3 a www.outlethotel.hu weboldalon (a tov\u00e1bbiakban: Weboldal) az \u00e9rdekl\u0151d\u0151k, az aj\u00e1nlatk\u00e9r\u0151k, valamint a sz\u00e1ll\u00e1st foglal\u00f3k (a tov\u00e1bbiakban: \u00c9rintett) szem\u00e9lyes adatait kezeli\",\"breadcrumb\":{\"@id\":\"https:\/\/www.gerloczy.com\/hu\/adatvedelmi-iranyelvek\/#breadcrumb\"},\"inLanguage\":\"hu\",\"potentialAction\":[{\"@type\":\"ReadAction\",\"target\":[\"https:\/\/www.gerloczy.com\/hu\/adatvedelmi-iranyelvek\/\"]}]},{\"@type\":\"BreadcrumbList\",\"@id\":\"https:\/\/www.gerloczy.com\/hu\/adatvedelmi-iranyelvek\/#breadcrumb\",\"itemListElement\":[{\"@type\":\"ListItem\",\"position\":1,\"name\":\"Home\",\"item\":\"https:\/\/www.gerloczy.com\/hu\/\"},{\"@type\":\"ListItem\",\"position\":2,\"name\":\"Adatv\u00e9delmi ir\u00e1nyelvek\"}]},{\"@type\":\"WebSite\",\"@id\":\"https:\/\/www.gerloczy.com\/hu\/#website\",\"url\":\"https:\/\/www.gerloczy.com\/hu\/\",\"name\":\"Gerl\u00f3czy Boutique Hotel\",\"description\":\"Just another ms.decms.eu site\",\"potentialAction\":[{\"@type\":\"SearchAction\",\"target\":{\"@type\":\"EntryPoint\",\"urlTemplate\":\"https:\/\/www.gerloczy.com\/hu\/?s={search_term_string}\"},\"query-input\":{\"@type\":\"PropertyValueSpecification\",\"valueRequired\":true,\"valueName\":\"search_term_string\"}}],\"inLanguage\":\"hu\"}]}<\/script>\n<!-- \/ Yoast SEO plugin. -->","yoast_head_json":{"title":"Adatv\u00e9delmi ir\u00e1nyelvek - Gerl\u00f3czy Boutique Hotel -","description":"ADATV\u00c9DELMI NYILATKOZAT  A Gerl\u00f3czy Boutique Hotel (tov\u00e1bbiakban: Szolg\u00e1ltat\u00f3) sz\u00e1lloda\u00fczemeltet\u00e9si feladatokat l\u00e1t el, ebb\u0151l ad\u00f3d\u00f3an a szolg\u00e1ltat\u00e1sok teljes\u00edt\u00e9s\u00e9hez adatokat kezel. A Szolg\u00e1ltat\u00f3 a www.outlethotel.hu weboldalon (a tov\u00e1bbiakban: Weboldal) az \u00e9rdekl\u0151d\u0151k, az aj\u00e1nlatk\u00e9r\u0151k, valamint a sz\u00e1ll\u00e1st foglal\u00f3k (a tov\u00e1bbiakban: \u00c9rintett) szem\u00e9lyes adatait kezeli","robots":{"index":"index","follow":"follow","max-snippet":"max-snippet:-1","max-image-preview":"max-image-preview:large","max-video-preview":"max-video-preview:-1"},"canonical":"https:\/\/www.gerloczy.com\/hu\/adatvedelmi-iranyelvek\/","og_locale":"hu_HU","og_type":"article","og_title":"Adatv\u00e9delmi ir\u00e1nyelvek - Gerl\u00f3czy Boutique Hotel -","og_description":"ADATV\u00c9DELMI NYILATKOZAT  A Gerl\u00f3czy Boutique Hotel (tov\u00e1bbiakban: Szolg\u00e1ltat\u00f3) sz\u00e1lloda\u00fczemeltet\u00e9si feladatokat l\u00e1t el, ebb\u0151l ad\u00f3d\u00f3an a szolg\u00e1ltat\u00e1sok teljes\u00edt\u00e9s\u00e9hez adatokat kezel. A Szolg\u00e1ltat\u00f3 a www.outlethotel.hu weboldalon (a tov\u00e1bbiakban: Weboldal) az \u00e9rdekl\u0151d\u0151k, az aj\u00e1nlatk\u00e9r\u0151k, valamint a sz\u00e1ll\u00e1st foglal\u00f3k (a tov\u00e1bbiakban: \u00c9rintett) szem\u00e9lyes adatait kezeli","og_url":"https:\/\/www.gerloczy.com\/hu\/adatvedelmi-iranyelvek\/","og_site_name":"Gerl\u00f3czy Boutique Hotel","twitter_card":"summary_large_image","twitter_misc":{"Becs\u00fclt olvas\u00e1si id\u0151":"5 perc"},"schema":{"@context":"https:\/\/schema.org","@graph":[{"@type":"WebPage","@id":"https:\/\/www.gerloczy.com\/hu\/adatvedelmi-iranyelvek\/","url":"https:\/\/www.gerloczy.com\/hu\/adatvedelmi-iranyelvek\/","name":"Adatv\u00e9delmi ir\u00e1nyelvek - Gerl\u00f3czy Boutique Hotel -","isPartOf":{"@id":"https:\/\/www.gerloczy.com\/hu\/#website"},"datePublished":"2023-09-22T14:12:24+00:00","description":"ADATV\u00c9DELMI NYILATKOZAT A Gerl\u00f3czy Boutique Hotel (tov\u00e1bbiakban: Szolg\u00e1ltat\u00f3) sz\u00e1lloda\u00fczemeltet\u00e9si feladatokat l\u00e1t el, ebb\u0151l ad\u00f3d\u00f3an a szolg\u00e1ltat\u00e1sok teljes\u00edt\u00e9s\u00e9hez adatokat kezel. A Szolg\u00e1ltat\u00f3 a www.outlethotel.hu weboldalon (a tov\u00e1bbiakban: Weboldal) az \u00e9rdekl\u0151d\u0151k, az aj\u00e1nlatk\u00e9r\u0151k, valamint a sz\u00e1ll\u00e1st foglal\u00f3k (a tov\u00e1bbiakban: \u00c9rintett) szem\u00e9lyes adatait kezeli","breadcrumb":{"@id":"https:\/\/www.gerloczy.com\/hu\/adatvedelmi-iranyelvek\/#breadcrumb"},"inLanguage":"hu","potentialAction":[{"@type":"ReadAction","target":["https:\/\/www.gerloczy.com\/hu\/adatvedelmi-iranyelvek\/"]}]},{"@type":"BreadcrumbList","@id":"https:\/\/www.gerloczy.com\/hu\/adatvedelmi-iranyelvek\/#breadcrumb","itemListElement":[{"@type":"ListItem","position":1,"name":"Home","item":"https:\/\/www.gerloczy.com\/hu\/"},{"@type":"ListItem","position":2,"name":"Adatv\u00e9delmi ir\u00e1nyelvek"}]},{"@type":"WebSite","@id":"https:\/\/www.gerloczy.com\/hu\/#website","url":"https:\/\/www.gerloczy.com\/hu\/","name":"Gerl\u00f3czy Boutique Hotel","description":"Just another ms.decms.eu site","potentialAction":[{"@type":"SearchAction","target":{"@type":"EntryPoint","urlTemplate":"https:\/\/www.gerloczy.com\/hu\/?s={search_term_string}"},"query-input":{"@type":"PropertyValueSpecification","valueRequired":true,"valueName":"search_term_string"}}],"inLanguage":"hu"}]}},"acf":[],"_links":{"self":[{"href":"https:\/\/www.gerloczy.com\/hu\/wp-json\/wp\/v2\/pages\/305","targetHints":{"allow":["GET"]}}],"collection":[{"href":"https:\/\/www.gerloczy.com\/hu\/wp-json\/wp\/v2\/pages"}],"about":[{"href":"https:\/\/www.gerloczy.com\/hu\/wp-json\/wp\/v2\/types\/page"}],"author":[{"embeddable":true,"href":"https:\/\/www.gerloczy.com\/hu\/wp-json\/wp\/v2\/users\/132"}],"replies":[{"embeddable":true,"href":"https:\/\/www.gerloczy.com\/hu\/wp-json\/wp\/v2\/comments?post=305"}],"version-history":[{"count":0,"href":"https:\/\/www.gerloczy.com\/hu\/wp-json\/wp\/v2\/pages\/305\/revisions"}],"wp:attachment":[{"href":"https:\/\/www.gerloczy.com\/hu\/wp-json\/wp\/v2\/media?parent=305"}],"curies":[{"name":"wp","href":"https:\/\/api.w.org\/{rel}","templated":true}]}}